{"id":15,"date":"2021-07-29T12:27:46","date_gmt":"2021-07-29T12:27:46","guid":{"rendered":"https:\/\/elisemet.fr\/?page_id=15"},"modified":"2025-09-16T15:19:59","modified_gmt":"2025-09-16T15:19:59","slug":"accueil","status":"publish","type":"page","link":"https:\/\/elisemet.fr\/","title":{"rendered":"Bienvenue"},"content":{"rendered":"\t\t<div data-elementor-type=\"wp-page\" data-elementor-id=\"15\" class=\"elementor elementor-15\">\n\t\t\t\t\t\t<section class=\"elementor-section elementor-top-section elementor-element elementor-element-f720178 elementor-section-boxed elementor-section-height-default elementor-section-height-default wpr-particle-no wpr-jarallax-no wpr-parallax-no wpr-sticky-section-no wpr-equal-height-no\" data-id=\"f720178\" data-element_type=\"section\" data-e-type=\"section\">\n\t\t\t\t\t\t<div class=\"elementor-container elementor-column-gap-default\">\n\t\t\t\t\t<div class=\"elementor-column elementor-col-100 elementor-top-column elementor-element elementor-element-4353b1e\" data-id=\"4353b1e\" data-element_type=\"column\" data-e-type=\"column\">\n\t\t\t<div class=\"elementor-widget-wrap elementor-element-populated\">\n\t\t\t\t\t\t<div class=\"elementor-element elementor-element-cc15e78 elementor-widget elementor-widget-text-editor\" data-id=\"cc15e78\" data-element_type=\"widget\" data-e-type=\"widget\" data-widget_type=\"text-editor.default\">\n\t\t\t\t<div class=\"elementor-widget-container\">\n\t\t\t\t\t\t\t\t\t<h5><i>Un voyage vers l\u2019\u00catre par les Voies du Corps<\/i><\/h5>\n<h5><i>Pour soutenir l&rsquo;Intelligence du Vivant<\/i><\/h5>\n<h5><i>Pour&nbsp;une Ecologie Int\u00e9rieure<\/i><\/h5>\t\t\t\t\t\t\t\t<\/div>\n\t\t\t\t<\/div>\n\t\t\t\t\t<\/div>\n\t\t<\/div>\n\t\t\t\t\t<\/div>\n\t\t<\/section>\n\t\t\t\t<section class=\"elementor-section elementor-top-section elementor-element elementor-element-6c88dfb9 elementor-section-boxed elementor-section-height-default elementor-section-height-default wpr-particle-no wpr-jarallax-no wpr-parallax-no wpr-sticky-section-no wpr-equal-height-no\" data-id=\"6c88dfb9\" data-element_type=\"section\" data-e-type=\"section\">\n\t\t\t\t\t\t<div class=\"elementor-container elementor-column-gap-default\">\n\t\t\t\t\t<div class=\"elementor-column elementor-col-100 elementor-top-column elementor-element elementor-element-701d1f2b\" data-id=\"701d1f2b\" data-element_type=\"column\" data-e-type=\"column\">\n\t\t\t<div class=\"elementor-widget-wrap elementor-element-populated\">\n\t\t\t\t\t\t<div class=\"elementor-element elementor-element-387ca0a9 elementor-widget elementor-widget-text-editor\" data-id=\"387ca0a9\" data-element_type=\"widget\" data-e-type=\"widget\" data-widget_type=\"text-editor.default\">\n\t\t\t\t<div class=\"elementor-widget-container\">\n\t\t\t\t\t\t\t\t\t<p><\/p>\n<p>J\u2019ai \u00e0 c\u0153ur de proposer des pratiques et <b>approches diversifi\u00e9es<\/b> qui permettent <br>d\u2019aller, \u00e0 travers la rencontre, vers une <b>connaissance de soi et des autres <\/b>plus \u00e9largie, plus compl\u00e8te et plus riche.<\/p>\n<p style=\"margin: 0cm 0cm 9.75pt; line-height: 18.75pt; letter-spacing: normal; background-image: initial; background-position: initial; background-size: initial; background-repeat: initial; background-attachment: initial; background-origin: initial; background-clip: initial;\"><span style=\"letter-spacing: 0px; color: var( --e-global-color-text );\">J&rsquo;explore sur mon parcours diff\u00e9rentes<b> approches du corps et voies du sensible<\/b>, en qu\u00eate de <b>libert\u00e9 int\u00e9rieure<\/b> et motiv\u00e9e par une joie profonde et essentielle \u00e0 <b>cultiver l&rsquo;\u00e9tude de l&rsquo;\u00eatre humain<\/b>, <b>autant dans ses r\u00e9alit\u00e9s tangibles qu&rsquo;intangibles<\/b>.<\/span><\/p>\n<p>Je me passionne pour les <b>pratiques somatiques reliant <\/b>le<b> corps<\/b> et l&rsquo;<b>esprit, <\/b>la<b> conscience <\/b>et le<b> mouvement<\/b>.<br>Celles-ci m&rsquo;ouvrent \u00e0 une voie d&rsquo;acc\u00e8s \u00e0 l&rsquo;<b>intelligence cellulaire<\/b> et la remise en circulation de l&rsquo;\u00e9nergie vitale.<\/p>\n<p style=\"letter-spacing: normal;\"><span style=\"background-image: initial; background-position: initial; background-size: initial; background-repeat: initial; background-attachment: initial; background-origin: initial; background-clip: initial;\">Le <b>corps en mouvement<\/b> est pour moi<b> cr\u00e9ateur de liens<\/b>, un lieu de recherche \u00e0 la fois personnelle, spirituelle, sociale et culturelle. <br>J&rsquo;aime partager, \u00e9changer avec d&rsquo;autres chercheur.euses, p\u00e9dagogues et artistes, croiser les cadres de r\u00e9f\u00e9rences, explorer avec curiosit\u00e9 et apprendre ensemble.<\/span><\/p>\n<p>J&rsquo;<span style=\"color: var( --e-global-color-text ); letter-spacing: 0px;\">\u0153u<\/span><span style=\"letter-spacing: 0px; color: var( --e-global-color-text );\">vre<\/span><span style=\"letter-spacing: 0px; color: var( --e-global-color-text );\">&nbsp;pour l&rsquo;<b>unit\u00e9 du corps-<\/b><\/span><span style=\"letter-spacing: 0px; color: var( --e-global-color-text );\"><b>c\u0153ur<\/b><\/span><span style=\"letter-spacing: 0px; color: var( --e-global-color-text );\"><b>-esprit en mouvement<\/b>,<br><\/span><span style=\"letter-spacing: 0px; color: var( --e-global-color-text );\">p<\/span><span style=\"letter-spacing: 0px; color: var( --e-global-color-text );\">our une <b>spiritualit\u00e9 incarn\u00e9e<\/b> et l&rsquo;<b>\u00e9veil de la conscience<\/b>,<br><\/span><span style=\"color: var( --e-global-color-text ); letter-spacing: 0px;\">pour l&rsquo;<b>union <\/b>et le<b> soutien mutuel entre \u00eatres humains au sein du monde Vivant<\/b>.<\/span><\/p>\n<p>J&rsquo;aime ouvrir des espaces pour <b>soutenir nos transformations<\/b>, <br>pour donner \u00e0 toute personne des voies d\u2019acc\u00e8s vers ses propres ressources pour plus d&rsquo;<b>autonomie<\/b> et de <b>cr\u00e9ativit\u00e9<\/b>, <br><span style=\"color: var( --e-global-color-text ); letter-spacing: 0px;\">pour une plus grande <b>libert\u00e9 d&rsquo;\u00eatre<\/b>, dans l&rsquo;acceptation de ses limites et l&rsquo;accueil de ses potentiels.<\/span><span style=\"color: var( --e-global-color-text ); letter-spacing: 0px;\"><br><\/span><\/p>\n<p>Mon chemin de vie m\u2019a conduit \u00e0 vivre une multitude d\u2019exp\u00e9riences qui font ce que je suis aujourd\u2019hui<br>&nbsp;et m\u2019offre une large palette de mat\u00e9riaux que j&rsquo;ai go\u00fbt \u00e0 partager.<\/p>\n<p><!-- \/wp:heading --><\/p>\n<p><!-- wp:paragraph --><\/p>\n<p><!-- \/wp:paragraph --><\/p>\t\t\t\t\t\t\t\t<\/div>\n\t\t\t\t<\/div>\n\t\t\t\t\t<\/div>\n\t\t<\/div>\n\t\t\t\t\t<\/div>\n\t\t<\/section>\n\t\t\t\t<section class=\"elementor-section elementor-top-section elementor-element elementor-element-31f4662 elementor-section-boxed elementor-section-height-default elementor-section-height-default wpr-particle-no wpr-jarallax-no wpr-parallax-no wpr-sticky-section-no wpr-equal-height-no\" data-id=\"31f4662\" data-element_type=\"section\" data-e-type=\"section\">\n\t\t\t\t\t\t<div class=\"elementor-container elementor-column-gap-default\">\n\t\t\t\t\t<div class=\"elementor-column elementor-col-100 elementor-top-column elementor-element elementor-element-8192f8c\" data-id=\"8192f8c\" data-element_type=\"column\" data-e-type=\"column\">\n\t\t\t<div class=\"elementor-widget-wrap elementor-element-populated\">\n\t\t\t\t\t\t<div class=\"elementor-element elementor-element-9c36e0a elementor-widget elementor-widget-image\" data-id=\"9c36e0a\" data-element_type=\"widget\" data-e-type=\"widget\" data-widget_type=\"image.default\">\n\t\t\t\t<div class=\"elementor-widget-container\">\n\t\t\t\t\t\t\t\t\t\t\t\t\t\t\t<img fetchpriority=\"high\" decoding=\"async\" width=\"502\" height=\"380\" src=\"https:\/\/elisemet.fr\/wp-content\/uploads\/2024\/06\/elans-et-saut.jpg\" class=\"attachment-large size-large wp-image-369\" alt=\"\" srcset=\"https:\/\/elisemet.fr\/wp-content\/uploads\/2024\/06\/elans-et-saut.jpg 502w, https:\/\/elisemet.fr\/wp-content\/uploads\/2024\/06\/elans-et-saut-300x227.jpg 300w, https:\/\/elisemet.fr\/wp-content\/uploads\/2024\/06\/elans-et-saut-79x60.jpg 79w\" sizes=\"(max-width: 502px) 100vw, 502px\" \/>\t\t\t\t\t\t\t\t\t\t\t\t\t\t\t<\/div>\n\t\t\t\t<\/div>\n\t\t\t\t\t<\/div>\n\t\t<\/div>\n\t\t\t\t\t<\/div>\n\t\t<\/section>\n\t\t\t\t<\/div>\n\t\t","protected":false},"excerpt":{"rendered":"<p>Un voyage vers l\u2019\u00catre par les Voies du Corps Pour soutenir l&rsquo;Intelligence du Vivant Pour&nbsp;une Ecologie Int\u00e9rieure J\u2019ai \u00e0 c\u0153ur de proposer des pratiques et approches diversifi\u00e9es qui permettent d\u2019aller, \u00e0 travers la rencontre, vers une connaissance de soi et des autres plus \u00e9largie, plus compl\u00e8te et plus riche. J&rsquo;explore sur mon parcours diff\u00e9rentes approches du corps et voies du sensible, en qu\u00eate de libert\u00e9 int\u00e9rieure et motiv\u00e9e par une joie profonde et essentielle \u00e0 cultiver l&rsquo;\u00e9tude de l&rsquo;\u00eatre humain, autant dans ses r\u00e9alit\u00e9s tangibles qu&rsquo;intangibles. Je me passionne pour les pratiques somatiques reliant le corps et l&rsquo;esprit, la conscience et le mouvement.Celles-ci m&rsquo;ouvrent \u00e0 une voie d&rsquo;acc\u00e8s \u00e0 l&rsquo;intelligence cellulaire et la remise en circulation de l&rsquo;\u00e9nergie vitale. Le corps en mouvement est pour moi cr\u00e9ateur de liens, un lieu de recherche \u00e0 la fois personnelle, spirituelle, sociale et culturelle. J&rsquo;aime partager, \u00e9changer avec d&rsquo;autres chercheur.euses, p\u00e9dagogues et artistes, croiser les cadres de r\u00e9f\u00e9rences, explorer avec curiosit\u00e9 et apprendre ensemble. J&rsquo;\u0153uvre&nbsp;pour l&rsquo;unit\u00e9 du corps-c\u0153ur-esprit en mouvement,pour une spiritualit\u00e9 incarn\u00e9e et l&rsquo;\u00e9veil de la conscience,pour l&rsquo;union et le soutien mutuel entre \u00eatres humains au sein du monde Vivant. J&rsquo;aime ouvrir des espaces pour soutenir nos transformations, pour donner \u00e0 toute personne des voies d\u2019acc\u00e8s vers ses propres ressources pour plus d&rsquo;autonomie et de cr\u00e9ativit\u00e9, pour une plus grande libert\u00e9 d&rsquo;\u00eatre, dans l&rsquo;acceptation de ses limites et l&rsquo;accueil de ses potentiels. Mon chemin de vie m\u2019a conduit \u00e0 vivre une multitude d\u2019exp\u00e9riences qui font ce que je suis aujourd\u2019hui&nbsp;et m\u2019offre une large palette de mat\u00e9riaux que j&rsquo;ai go\u00fbt \u00e0 partager.<\/p>\n","protected":false},"author":3,"featured_media":0,"parent":0,"menu_order":0,"comment_status":"closed","ping_status":"closed","template":"","meta":{"footnotes":""},"class_list":["post-15","page","type-page","status-publish","hentry"],"yoast_head":"<!-- This site is optimized with the Yoast SEO plugin v27.5 - https:\/\/yoast.com\/product\/yoast-seo-wordpress\/ -->\n<title>Bienvenue - Elise Met<\/title>\n<meta name=\"robots\" content=\"index, follow, max-snippet:-1, max-image-preview:large, max-video-preview:-1\" \/>\n<link rel=\"canonical\" href=\"https:\/\/elisemet.fr\/\" \/>\n<meta property=\"og:locale\" content=\"fr_FR\" \/>\n<meta property=\"og:type\" content=\"article\" \/>\n<meta property=\"og:title\" content=\"Bienvenue - Elise Met\" \/>\n<meta property=\"og:description\" content=\"Un voyage vers l\u2019\u00catre par les Voies du Corps Pour soutenir l&rsquo;Intelligence du Vivant Pour&nbsp;une Ecologie Int\u00e9rieure J\u2019ai \u00e0 c\u0153ur de proposer des pratiques et approches diversifi\u00e9es qui permettent d\u2019aller, \u00e0 travers la rencontre, vers une connaissance de soi et des autres plus \u00e9largie, plus compl\u00e8te et plus riche. J&rsquo;explore sur mon parcours diff\u00e9rentes approches du corps et voies du sensible, en qu\u00eate de libert\u00e9 int\u00e9rieure et motiv\u00e9e par une joie profonde et essentielle \u00e0 cultiver l&rsquo;\u00e9tude de l&rsquo;\u00eatre humain, autant dans ses r\u00e9alit\u00e9s tangibles qu&rsquo;intangibles. Je me passionne pour les pratiques somatiques reliant le corps et l&rsquo;esprit, la conscience et le mouvement.Celles-ci m&rsquo;ouvrent \u00e0 une voie d&rsquo;acc\u00e8s \u00e0 l&rsquo;intelligence cellulaire et la remise en circulation de l&rsquo;\u00e9nergie vitale. Le corps en mouvement est pour moi cr\u00e9ateur de liens, un lieu de recherche \u00e0 la fois personnelle, spirituelle, sociale et culturelle. J&rsquo;aime partager, \u00e9changer avec d&rsquo;autres chercheur.euses, p\u00e9dagogues et artistes, croiser les cadres de r\u00e9f\u00e9rences, explorer avec curiosit\u00e9 et apprendre ensemble. J&rsquo;\u0153uvre&nbsp;pour l&rsquo;unit\u00e9 du corps-c\u0153ur-esprit en mouvement,pour une spiritualit\u00e9 incarn\u00e9e et l&rsquo;\u00e9veil de la conscience,pour l&rsquo;union et le soutien mutuel entre \u00eatres humains au sein du monde Vivant. J&rsquo;aime ouvrir des espaces pour soutenir nos transformations, pour donner \u00e0 toute personne des voies d\u2019acc\u00e8s vers ses propres ressources pour plus d&rsquo;autonomie et de cr\u00e9ativit\u00e9, pour une plus grande libert\u00e9 d&rsquo;\u00eatre, dans l&rsquo;acceptation de ses limites et l&rsquo;accueil de ses potentiels. Mon chemin de vie m\u2019a conduit \u00e0 vivre une multitude d\u2019exp\u00e9riences qui font ce que je suis aujourd\u2019hui&nbsp;et m\u2019offre une large palette de mat\u00e9riaux que j&rsquo;ai go\u00fbt \u00e0 partager.\" \/>\n<meta property=\"og:url\" content=\"https:\/\/elisemet.fr\/\" \/>\n<meta property=\"og:site_name\" content=\"Elise Met\" \/>\n<meta property=\"article:modified_time\" content=\"2025-09-16T15:19:59+00:00\" \/>\n<meta property=\"og:image\" content=\"https:\/\/elisemet.fr\/wp-content\/uploads\/2024\/06\/elans-et-saut.jpg\" \/>\n\t<meta property=\"og:image:width\" content=\"502\" \/>\n\t<meta property=\"og:image:height\" content=\"380\" \/>\n\t<meta property=\"og:image:type\" content=\"image\/jpeg\" \/>\n<meta name=\"twitter:card\" content=\"summary_large_image\" \/>\n<meta name=\"twitter:label1\" content=\"Dur\u00e9e de lecture estim\u00e9e\" \/>\n\t<meta name=\"twitter:data1\" content=\"2 minutes\" \/>\n<script type=\"application\/ld+json\" class=\"yoast-schema-graph\">{\"@context\":\"https:\\\/\\\/schema.org\",\"@graph\":[{\"@type\":\"WebPage\",\"@id\":\"https:\\\/\\\/elisemet.fr\\\/\",\"url\":\"https:\\\/\\\/elisemet.fr\\\/\",\"name\":\"Bienvenue - Elise Met\",\"isPartOf\":{\"@id\":\"https:\\\/\\\/elisemet.fr\\\/#website\"},\"primaryImageOfPage\":{\"@id\":\"https:\\\/\\\/elisemet.fr\\\/#primaryimage\"},\"image\":{\"@id\":\"https:\\\/\\\/elisemet.fr\\\/#primaryimage\"},\"thumbnailUrl\":\"https:\\\/\\\/elisemet.fr\\\/wp-content\\\/uploads\\\/2024\\\/06\\\/elans-et-saut.jpg\",\"datePublished\":\"2021-07-29T12:27:46+00:00\",\"dateModified\":\"2025-09-16T15:19:59+00:00\",\"breadcrumb\":{\"@id\":\"https:\\\/\\\/elisemet.fr\\\/#breadcrumb\"},\"inLanguage\":\"fr-FR\",\"potentialAction\":[{\"@type\":\"ReadAction\",\"target\":[\"https:\\\/\\\/elisemet.fr\\\/\"]}]},{\"@type\":\"ImageObject\",\"inLanguage\":\"fr-FR\",\"@id\":\"https:\\\/\\\/elisemet.fr\\\/#primaryimage\",\"url\":\"https:\\\/\\\/elisemet.fr\\\/wp-content\\\/uploads\\\/2024\\\/06\\\/elans-et-saut.jpg\",\"contentUrl\":\"https:\\\/\\\/elisemet.fr\\\/wp-content\\\/uploads\\\/2024\\\/06\\\/elans-et-saut.jpg\",\"width\":502,\"height\":380},{\"@type\":\"BreadcrumbList\",\"@id\":\"https:\\\/\\\/elisemet.fr\\\/#breadcrumb\",\"itemListElement\":[{\"@type\":\"ListItem\",\"position\":1,\"name\":\"Accueil\",\"item\":\"https:\\\/\\\/elisemet.fr\\\/\"},{\"@type\":\"ListItem\",\"position\":2,\"name\":\"Bienvenue\"}]},{\"@type\":\"WebSite\",\"@id\":\"https:\\\/\\\/elisemet.fr\\\/#website\",\"url\":\"https:\\\/\\\/elisemet.fr\\\/\",\"name\":\"Elise Met\",\"description\":\"Arts du mouvement &amp; Pratiques somatiques\",\"publisher\":{\"@id\":\"https:\\\/\\\/elisemet.fr\\\/#organization\"},\"potentialAction\":[{\"@type\":\"SearchAction\",\"target\":{\"@type\":\"EntryPoint\",\"urlTemplate\":\"https:\\\/\\\/elisemet.fr\\\/?s={search_term_string}\"},\"query-input\":{\"@type\":\"PropertyValueSpecification\",\"valueRequired\":true,\"valueName\":\"search_term_string\"}}],\"inLanguage\":\"fr-FR\"},{\"@type\":\"Organization\",\"@id\":\"https:\\\/\\\/elisemet.fr\\\/#organization\",\"name\":\"Elise Met\",\"url\":\"https:\\\/\\\/elisemet.fr\\\/\",\"logo\":{\"@type\":\"ImageObject\",\"inLanguage\":\"fr-FR\",\"@id\":\"https:\\\/\\\/elisemet.fr\\\/#\\\/schema\\\/logo\\\/image\\\/\",\"url\":\"https:\\\/\\\/elisemet.fr\\\/wp-content\\\/uploads\\\/2024\\\/09\\\/Logo_EM_2-1.png\",\"contentUrl\":\"https:\\\/\\\/elisemet.fr\\\/wp-content\\\/uploads\\\/2024\\\/09\\\/Logo_EM_2-1.png\",\"width\":844,\"height\":646,\"caption\":\"Elise Met\"},\"image\":{\"@id\":\"https:\\\/\\\/elisemet.fr\\\/#\\\/schema\\\/logo\\\/image\\\/\"}}]}<\/script>\n<!-- \/ Yoast SEO plugin. -->","yoast_head_json":{"title":"Bienvenue - Elise Met","robots":{"index":"index","follow":"follow","max-snippet":"max-snippet:-1","max-image-preview":"max-image-preview:large","max-video-preview":"max-video-preview:-1"},"canonical":"https:\/\/elisemet.fr\/","og_locale":"fr_FR","og_type":"article","og_title":"Bienvenue - Elise Met","og_description":"Un voyage vers l\u2019\u00catre par les Voies du Corps Pour soutenir l&rsquo;Intelligence du Vivant Pour&nbsp;une Ecologie Int\u00e9rieure J\u2019ai \u00e0 c\u0153ur de proposer des pratiques et approches diversifi\u00e9es qui permettent d\u2019aller, \u00e0 travers la rencontre, vers une connaissance de soi et des autres plus \u00e9largie, plus compl\u00e8te et plus riche. J&rsquo;explore sur mon parcours diff\u00e9rentes approches du corps et voies du sensible, en qu\u00eate de libert\u00e9 int\u00e9rieure et motiv\u00e9e par une joie profonde et essentielle \u00e0 cultiver l&rsquo;\u00e9tude de l&rsquo;\u00eatre humain, autant dans ses r\u00e9alit\u00e9s tangibles qu&rsquo;intangibles. Je me passionne pour les pratiques somatiques reliant le corps et l&rsquo;esprit, la conscience et le mouvement.Celles-ci m&rsquo;ouvrent \u00e0 une voie d&rsquo;acc\u00e8s \u00e0 l&rsquo;intelligence cellulaire et la remise en circulation de l&rsquo;\u00e9nergie vitale. Le corps en mouvement est pour moi cr\u00e9ateur de liens, un lieu de recherche \u00e0 la fois personnelle, spirituelle, sociale et culturelle. J&rsquo;aime partager, \u00e9changer avec d&rsquo;autres chercheur.euses, p\u00e9dagogues et artistes, croiser les cadres de r\u00e9f\u00e9rences, explorer avec curiosit\u00e9 et apprendre ensemble. J&rsquo;\u0153uvre&nbsp;pour l&rsquo;unit\u00e9 du corps-c\u0153ur-esprit en mouvement,pour une spiritualit\u00e9 incarn\u00e9e et l&rsquo;\u00e9veil de la conscience,pour l&rsquo;union et le soutien mutuel entre \u00eatres humains au sein du monde Vivant. J&rsquo;aime ouvrir des espaces pour soutenir nos transformations, pour donner \u00e0 toute personne des voies d\u2019acc\u00e8s vers ses propres ressources pour plus d&rsquo;autonomie et de cr\u00e9ativit\u00e9, pour une plus grande libert\u00e9 d&rsquo;\u00eatre, dans l&rsquo;acceptation de ses limites et l&rsquo;accueil de ses potentiels. Mon chemin de vie m\u2019a conduit \u00e0 vivre une multitude d\u2019exp\u00e9riences qui font ce que je suis aujourd\u2019hui&nbsp;et m\u2019offre une large palette de mat\u00e9riaux que j&rsquo;ai go\u00fbt \u00e0 partager.","og_url":"https:\/\/elisemet.fr\/","og_site_name":"Elise Met","article_modified_time":"2025-09-16T15:19:59+00:00","og_image":[{"width":502,"height":380,"url":"https:\/\/elisemet.fr\/wp-content\/uploads\/2024\/06\/elans-et-saut.jpg","type":"image\/jpeg"}],"twitter_card":"summary_large_image","twitter_misc":{"Dur\u00e9e de lecture estim\u00e9e":"2 minutes"},"schema":{"@context":"https:\/\/schema.org","@graph":[{"@type":"WebPage","@id":"https:\/\/elisemet.fr\/","url":"https:\/\/elisemet.fr\/","name":"Bienvenue - Elise Met","isPartOf":{"@id":"https:\/\/elisemet.fr\/#website"},"primaryImageOfPage":{"@id":"https:\/\/elisemet.fr\/#primaryimage"},"image":{"@id":"https:\/\/elisemet.fr\/#primaryimage"},"thumbnailUrl":"https:\/\/elisemet.fr\/wp-content\/uploads\/2024\/06\/elans-et-saut.jpg","datePublished":"2021-07-29T12:27:46+00:00","dateModified":"2025-09-16T15:19:59+00:00","breadcrumb":{"@id":"https:\/\/elisemet.fr\/#breadcrumb"},"inLanguage":"fr-FR","potentialAction":[{"@type":"ReadAction","target":["https:\/\/elisemet.fr\/"]}]},{"@type":"ImageObject","inLanguage":"fr-FR","@id":"https:\/\/elisemet.fr\/#primaryimage","url":"https:\/\/elisemet.fr\/wp-content\/uploads\/2024\/06\/elans-et-saut.jpg","contentUrl":"https:\/\/elisemet.fr\/wp-content\/uploads\/2024\/06\/elans-et-saut.jpg","width":502,"height":380},{"@type":"BreadcrumbList","@id":"https:\/\/elisemet.fr\/#breadcrumb","itemListElement":[{"@type":"ListItem","position":1,"name":"Accueil","item":"https:\/\/elisemet.fr\/"},{"@type":"ListItem","position":2,"name":"Bienvenue"}]},{"@type":"WebSite","@id":"https:\/\/elisemet.fr\/#website","url":"https:\/\/elisemet.fr\/","name":"Elise Met","description":"Arts du mouvement &amp; Pratiques somatiques","publisher":{"@id":"https:\/\/elisemet.fr\/#organization"},"potentialAction":[{"@type":"SearchAction","target":{"@type":"EntryPoint","urlTemplate":"https:\/\/elisemet.fr\/?s={search_term_string}"},"query-input":{"@type":"PropertyValueSpecification","valueRequired":true,"valueName":"search_term_string"}}],"inLanguage":"fr-FR"},{"@type":"Organization","@id":"https:\/\/elisemet.fr\/#organization","name":"Elise Met","url":"https:\/\/elisemet.fr\/","logo":{"@type":"ImageObject","inLanguage":"fr-FR","@id":"https:\/\/elisemet.fr\/#\/schema\/logo\/image\/","url":"https:\/\/elisemet.fr\/wp-content\/uploads\/2024\/09\/Logo_EM_2-1.png","contentUrl":"https:\/\/elisemet.fr\/wp-content\/uploads\/2024\/09\/Logo_EM_2-1.png","width":844,"height":646,"caption":"Elise Met"},"image":{"@id":"https:\/\/elisemet.fr\/#\/schema\/logo\/image\/"}}]}},"acf":[],"_links":{"self":[{"href":"https:\/\/elisemet.fr\/index.php?rest_route=\/wp\/v2\/pages\/15","targetHints":{"allow":["GET"]}}],"collection":[{"href":"https:\/\/elisemet.fr\/index.php?rest_route=\/wp\/v2\/pages"}],"about":[{"href":"https:\/\/elisemet.fr\/index.php?rest_route=\/wp\/v2\/types\/page"}],"author":[{"embeddable":true,"href":"https:\/\/elisemet.fr\/index.php?rest_route=\/wp\/v2\/users\/3"}],"replies":[{"embeddable":true,"href":"https:\/\/elisemet.fr\/index.php?rest_route=%2Fwp%2Fv2%2Fcomments&post=15"}],"version-history":[{"count":112,"href":"https:\/\/elisemet.fr\/index.php?rest_route=\/wp\/v2\/pages\/15\/revisions"}],"predecessor-version":[{"id":1915,"href":"https:\/\/elisemet.fr\/index.php?rest_route=\/wp\/v2\/pages\/15\/revisions\/1915"}],"wp:attachment":[{"href":"https:\/\/elisemet.fr\/index.php?rest_route=%2Fwp%2Fv2%2Fmedia&parent=15"}],"curies":[{"name":"wp","href":"https:\/\/api.w.org\/{rel}","templated":true}]}}